{"id":9060,"date":"2023-03-13T01:33:20","date_gmt":"2023-03-13T01:33:20","guid":{"rendered":"https:\/\/umnb.ca\/?page_id=9060"},"modified":"2023-03-13T01:33:21","modified_gmt":"2023-03-13T01:33:21","slug":"comites","status":"publish","type":"page","link":"https:\/\/umnb.ca\/fr\/comites\/","title":{"rendered":"Comit\u00e9s"},"content":{"rendered":"<p>[et_pb_section fb_built=\u00a0\u00bb1&Prime; admin_label=\u00a0\u00bbHeader\u00a0\u00bb _builder_version=\u00a0\u00bb4.17.4&Prime; use_background_color_gradient=\u00a0\u00bbon\u00a0\u00bb background_color_gradient_type=\u00a0\u00bbcircular\u00a0\u00bb background_color_gradient_direction_radial=\u00a0\u00bbtop left\u00a0\u00bb background_color_gradient_stops=\u00a0\u00bbrgba(255,255,255,0.89) 30%|rgba(255,255,255,0) 80%\u00a0\u00bb background_color_gradient_overlays_image=\u00a0\u00bbon\u00a0\u00bb background_color_gradient_start=\u00a0\u00bbrgba(255,255,255,0.89)\u00a0\u00bb background_color_gradient_start_position=\u00a0\u00bb30%\u00a0\u00bb background_color_gradient_end=\u00a0\u00bbrgba(255,255,255,0)\u00a0\u00bb background_color_gradient_end_position=\u00a0\u00bb80%\u00a0\u00bb background_image=\u00a0\u00bbhttps:\/\/umnb.ca\/wp-content\/uploads\/2019\/10\/dose-media-bU6JyhSI6zo-unsplash.jpg\u00a0\u00bb custom_margin=\u00a0\u00bb|||\u00a0\u00bb custom_padding=\u00a0\u00bb8vw||8vw||true\u00a0\u00bb global_colors_info=\u00a0\u00bb{}\u00a0\u00bb theme_builder_area=\u00a0\u00bbpost_content\u00a0\u00bb][et_pb_row _builder_version=\u00a0\u00bb4.16&Prime; global_colors_info=\u00a0\u00bb{}\u00a0\u00bb theme_builder_area=\u00a0\u00bbpost_content\u00a0\u00bb][et_pb_column type=\u00a0\u00bb4_4&Prime; _builder_version=\u00a0\u00bb4.16&Prime; custom_padding=\u00a0\u00bb|||\u00a0\u00bb global_colors_info=\u00a0\u00bb{}\u00a0\u00bb custom_padding__hover=\u00a0\u00bb|||\u00a0\u00bb theme_builder_area=\u00a0\u00bbpost_content\u00a0\u00bb][et_pb_text _builder_version=\u00a0\u00bb4.16&Prime; text_font=\u00a0\u00bb||||||||\u00a0\u00bb header_font=\u00a0\u00bbRaleway|700|||||||\u00a0\u00bb header_font_size=\u00a0\u00bb80px\u00a0\u00bb header_line_height=\u00a0\u00bb1.2em\u00a0\u00bb header_5_font=\u00a0\u00bbRaleway|700||on|||||\u00a0\u00bb header_5_text_color=\u00a0\u00bb#000000&Prime; header_5_font_size=\u00a0\u00bb20px\u00a0\u00bb header_5_letter_spacing=\u00a0\u00bb0.5em\u00a0\u00bb header_5_line_height=\u00a0\u00bb1.8em\u00a0\u00bb animation_style=\u00a0\u00bbzoom\u00a0\u00bb animation_intensity_zoom=\u00a0\u00bb5%\u00a0\u00bb header_font_size_tablet=\u00a0\u00bb48px\u00a0\u00bb header_font_size_phone=\u00a0\u00bb32px\u00a0\u00bb header_font_size_last_edited=\u00a0\u00bbon|phone\u00a0\u00bb header_5_font_size_tablet=\u00a0\u00bb14px\u00a0\u00bb header_5_font_size_phone=\u00a0\u00bb12px\u00a0\u00bb header_5_font_size_last_edited=\u00a0\u00bbon|desktop\u00a0\u00bb global_colors_info=\u00a0\u00bb{}\u00a0\u00bb theme_builder_area=\u00a0\u00bbpost_content\u00a0\u00bb]<\/p>\n<h5>UMNB\u00a0\u00a0<\/h5>\n<h1>Comit\u00e9s<\/h1>\n<p>[\/et_pb_text][\/et_pb_column][\/et_pb_row][\/et_pb_section][et_pb_section fb_built=\u00a0\u00bb1&Prime; _builder_version=\u00a0\u00bb4.17.4&Prime; global_colors_info=\u00a0\u00bb{}\u00a0\u00bb theme_builder_area=\u00a0\u00bbpost_content\u00a0\u00bb][et_pb_row _builder_version=\u00a0\u00bb4.16&Prime; global_colors_info=\u00a0\u00bb{}\u00a0\u00bb theme_builder_area=\u00a0\u00bbpost_content\u00a0\u00bb][et_pb_column type=\u00a0\u00bb4_4&Prime; _builder_version=\u00a0\u00bb4.16&Prime; custom_padding=\u00a0\u00bb|||\u00a0\u00bb global_colors_info=\u00a0\u00bb{}\u00a0\u00bb custom_padding__hover=\u00a0\u00bb|||\u00a0\u00bb theme_builder_area=\u00a0\u00bbpost_content\u00a0\u00bb][et_pb_text _builder_version=\u00a0\u00bb4.16&Prime; global_colors_info=\u00a0\u00bb{}\u00a0\u00bb theme_builder_area=\u00a0\u00bbpost_content\u00a0\u00bb]<\/p>\n<p><span style=\"font-family: inherit; font-weight: normal; font-size: large;\">Vous trouverez ci-dessous une liste compl\u00e8te des comit\u00e9s de l&rsquo;UMNB. Nous avons actuellement un certain nombre de places ouvertes dans les comit\u00e9s. Vous trouverez ci-dessous les comit\u00e9s pour lesquels nous recherchons actuellement des membres:\u00a0<\/span><\/p>\n<p><span style=\"font-size: large;\">&#8211; Services de protection\u00a0<\/span><\/p>\n<p><span style=\"font-size: large;\">&#8211; R\u00e9forme municipale\u00a0<\/span><\/p>\n<p><span style=\"font-size: large;\">&#8211; Commission du logement<\/span><\/p>\n<p><span style=\"font-size: large;\">&#8211; Comit\u00e9 de la sant\u00e9<\/span><\/p>\n<p><span style=\"font-size: large;\">&#8211; Comit\u00e9 des conf\u00e9rences<\/span><\/p>\n<p><span style=\"font-size: large;\">Si vous souhaitez proposer votre candidature \u00e0 l&rsquo;un de ces comit\u00e9s, veuillez la soumettre <strong><a href=\"https:\/\/docs.google.com\/forms\/d\/e\/1FAIpQLScNV20cJdBRy0LA7LoTjc5HlZ1Y1LfNY2Isps0F3vWyHcMPGQ\/viewform\">ICI<\/a> <\/strong>pour examen. Un membre de l&rsquo;UMNB vous contactera si vous avez \u00e9t\u00e9 s\u00e9lectionn\u00e9.<\/span><\/p>\n<p>&nbsp;<\/p>\n<p>[\/et_pb_text][\/et_pb_column][\/et_pb_row][et_pb_row _builder_version=\u00a0\u00bb4.17.4&Prime; _module_preset=\u00a0\u00bbdefault\u00a0\u00bb global_colors_info=\u00a0\u00bb{}\u00a0\u00bb theme_builder_area=\u00a0\u00bbpost_content\u00a0\u00bb][et_pb_column type=\u00a0\u00bb4_4&Prime; _builder_version=\u00a0\u00bb4.17.4&Prime; _module_preset=\u00a0\u00bbdefault\u00a0\u00bb global_colors_info=\u00a0\u00bb{}\u00a0\u00bb theme_builder_area=\u00a0\u00bbpost_content\u00a0\u00bb][et_pb_text _builder_version=\u00a0\u00bb4.17.4&Prime; _module_preset=\u00a0\u00bbdefault\u00a0\u00bb global_colors_info=\u00a0\u00bb{}\u00a0\u00bb theme_builder_area=\u00a0\u00bbpost_content\u00a0\u00bb]<\/p>\n<h1><strong>COMIT\u00c9S PERMANENTS<\/strong><\/h1>\n<p>[\/et_pb_text][et_pb_accordion open_toggle_text_color=\u00a0\u00bb#000000&Prime; _builder_version=\u00a0\u00bb4.17.4&Prime; _module_preset=\u00a0\u00bbdefault\u00a0\u00bb toggle_text_color=\u00a0\u00bb#000000&Prime; hover_enabled=\u00a0\u00bb0&Prime; global_colors_info=\u00a0\u00bb{}\u00a0\u00bb theme_builder_area=\u00a0\u00bbpost_content\u00a0\u00bb sticky_enabled=\u00a0\u00bb0&Prime;][et_pb_accordion_item title=\u00a0\u00bbEXECUTIF\u00a0\u00bb open=\u00a0\u00bbon\u00a0\u00bb _builder_version=\u00a0\u00bb4.17.4&Prime; _module_preset=\u00a0\u00bbdefault\u00a0\u00bb hover_enabled=\u00a0\u00bb0&Prime; global_colors_info=\u00a0\u00bb{}\u00a0\u00bb theme_builder_area=\u00a0\u00bbpost_content\u00a0\u00bb sticky_enabled=\u00a0\u00bb0&Prime;]<\/p>\n<p><em>Mandat:<\/em> Compos\u00e9 de membres du bureau et responsable de la direction g\u00e9n\u00e9rale de l&rsquo;UMNB entre les r\u00e9unions du conseil d&rsquo;administration. Ils sont \u00e9galement responsables de l&rsquo;\u00e9valuation du directeur ex\u00e9cutif.<\/p>\n<p><em>Fr\u00e9quence des r\u00e9unions:<\/em> 4 fois par an, en fonction des besoins.<\/p>\n<p><em>Pr\u00e9sident:<\/em> Pr\u00e9sident<\/p>\n<p>[\/et_pb_accordion_item][et_pb_accordion_item title=\u00a0\u00bbCOMIT\u00c9 DES FINANCES\u00a0\u00bb _builder_version=\u00a0\u00bb4.17.4&Prime; _module_preset=\u00a0\u00bbdefault\u00a0\u00bb hover_enabled=\u00a0\u00bb0&Prime; global_colors_info=\u00a0\u00bb{}\u00a0\u00bb theme_builder_area=\u00a0\u00bbpost_content\u00a0\u00bb open=\u00a0\u00bboff\u00a0\u00bb sticky_enabled=\u00a0\u00bb0&Prime;]<\/p>\n<p><em>Mandat:<\/em> Responsable de la vue d&rsquo;ensemble financi\u00e8re de l&rsquo;association ainsi que de la formulation de recommandations pour la nomination de l&rsquo;auditeur.<\/p>\n<p><em>Fr\u00e9quence des r\u00e9unions:<\/em> 4 fois par an<\/p>\n<p><em>Pr\u00e9sident de la commission:<\/em> Secr\u00e9taire-tr\u00e9sorier<\/p>\n<p>[\/et_pb_accordion_item][et_pb_accordion_item title=\u00a0\u00bbCOMIT\u00c9 DE PLANIFICATION DE LA CONF\u00c9RENCE \u00a0\u00bb _builder_version=\u00a0\u00bb4.17.4&Prime; _module_preset=\u00a0\u00bbdefault\u00a0\u00bb hover_enabled=\u00a0\u00bb0&Prime; global_colors_info=\u00a0\u00bb{}\u00a0\u00bb theme_builder_area=\u00a0\u00bbpost_content\u00a0\u00bb open=\u00a0\u00bboff\u00a0\u00bb sticky_enabled=\u00a0\u00bb0&Prime;]<\/p>\n<p><em>Mandat:<\/em> Fournir des conseils et des orientations sur le budget, l&rsquo;ordre du jour et les sujets de discussion lors de la conf\u00e9rence et du salon annuel de l&rsquo;UMNB.<\/p>\n<p><em>Fr\u00e9quence des r\u00e9unions:<\/em> Mensuelle de f\u00e9vrier \u00e0 octobre<\/p>\n<p><em>Pr\u00e9sident:<\/em> \u00c9lu par les membres du comit\u00e9<\/p>\n<p>[\/et_pb_accordion_item][et_pb_accordion_item title=\u00a0\u00bbCOMIT\u00c9 DES SERVICES DE PROTECTION \u00a0\u00bb _builder_version=\u00a0\u00bb4.17.4&Prime; _module_preset=\u00a0\u00bbdefault\u00a0\u00bb hover_enabled=\u00a0\u00bb0&Prime; global_colors_info=\u00a0\u00bb{}\u00a0\u00bb theme_builder_area=\u00a0\u00bbpost_content\u00a0\u00bb open=\u00a0\u00bboff\u00a0\u00bb sticky_enabled=\u00a0\u00bb0&Prime;]<\/p>\n<p><em>Mandat: <\/em>Discuter et faire progresser les politiques de l&rsquo;UMNB relatives aux services de protection et conseiller le conseil d&rsquo;administration sur les mesures \u00e0 prendre en ce qui concerne les services d&rsquo;incendie et de police.<\/p>\n<p><em>Fr\u00e9quence des r\u00e9unions: <\/em>Mensuelle<\/p>\n<p><em>Pr\u00e9sident: <\/em>2e vice-pr\u00e9sident<\/p>\n<p>[\/et_pb_accordion_item][et_pb_accordion_item title=\u00a0\u00bbCOMIT\u00c9 DES R\u00c9SOLUTIONS\/POLITIQUES\/CONSTITUTIONS \u00a0\u00bb _builder_version=\u00a0\u00bb4.17.4&Prime; _module_preset=\u00a0\u00bbdefault\u00a0\u00bb hover_enabled=\u00a0\u00bb0&Prime; global_colors_info=\u00a0\u00bb{}\u00a0\u00bb theme_builder_area=\u00a0\u00bbpost_content\u00a0\u00bb open=\u00a0\u00bboff\u00a0\u00bb sticky_enabled=\u00a0\u00bb0&Prime;]<\/p>\n<p><em>Mandat: <\/em>assister le conseil d&rsquo;administration dans sa responsabilit\u00e9 de r\u00e9vision des r\u00e9solutions, des politiques et de la constitution et faire des recommandations pour tout ajout ou changement aux r\u00e9solutions, politiques et\/ou constitution actuelles.\u00a0<\/p>\n<p><em>Fr\u00e9quence des r\u00e9unions: <\/em>Selon les besoins, plus souvent avant l&rsquo;AGA.\u00a0<\/p>\n<p><em>Pr\u00e9sident: <\/em>1er vice-pr\u00e9sident\u00a0<\/p>\n<p>[\/et_pb_accordion_item][\/et_pb_accordion][et_pb_text _builder_version=\u00a0\u00bb4.17.4&Prime; _module_preset=\u00a0\u00bbdefault\u00a0\u00bb global_colors_info=\u00a0\u00bb{}\u00a0\u00bb theme_builder_area=\u00a0\u00bbpost_content\u00a0\u00bb]<\/p>\n<h1><strong>COMIT\u00c9S AD HOC<\/strong><\/h1>\n<p>[\/et_pb_text][et_pb_accordion _builder_version=\u00a0\u00bb4.17.4&Prime; _module_preset=\u00a0\u00bbdefault\u00a0\u00bb hover_enabled=\u00a0\u00bb0&Prime; global_colors_info=\u00a0\u00bb{}\u00a0\u00bb theme_builder_area=\u00a0\u00bbpost_content\u00a0\u00bb sticky_enabled=\u00a0\u00bb0&Prime;][et_pb_accordion_item title=\u00a0\u00bbCOMIT\u00c9 DE R\u00c9FORME DES MUNICIPALIT\u00c9S \u00a0\u00bb open=\u00a0\u00bbon\u00a0\u00bb _builder_version=\u00a0\u00bb4.17.4&Prime; _module_preset=\u00a0\u00bbdefault\u00a0\u00bb hover_enabled=\u00a0\u00bb0&Prime; global_colors_info=\u00a0\u00bb{}\u00a0\u00bb theme_builder_area=\u00a0\u00bbpost_content\u00a0\u00bb sticky_enabled=\u00a0\u00bb0&Prime;]<\/p>\n<p><em>Mandat:<\/em> Fournir des conseils, des contributions et des informations sur le processus de r\u00e9forme municipale. Le comit\u00e9 conseille le pr\u00e9sident et le directeur ex\u00e9cutif sur les questions auxquelles sont confront\u00e9es les municipalit\u00e9s de toutes tailles.\u00a0\u00a0<\/p>\n<p><em>Fr\u00e9quence des r\u00e9unions:<\/em> toutes les semaines\u00a0<\/p>\n<p><em>Pr\u00e9sident:<\/em> Pr\u00e9sident\u00a0<\/p>\n<p>[\/et_pb_accordion_item][et_pb_accordion_item title=\u00a0\u00bbCOMIT\u00c9 DU LOGEMENT\u00a0\u00bb _builder_version=\u00a0\u00bb4.17.4&Prime; _module_preset=\u00a0\u00bbdefault\u00a0\u00bb hover_enabled=\u00a0\u00bb0&Prime; global_colors_info=\u00a0\u00bb{}\u00a0\u00bb theme_builder_area=\u00a0\u00bbpost_content\u00a0\u00bb open=\u00a0\u00bboff\u00a0\u00bb sticky_enabled=\u00a0\u00bb0&Prime;]<\/p>\n<p><strong>Mandat:<\/strong> D\u00e9terminer ce que l&rsquo;UMNB devrait faire en mati\u00e8re de politique de logement dans les municipalit\u00e9s. D\u00e9cid\u00e9 lors de la r\u00e9union du conseil d&rsquo;administration d&rsquo;ao\u00fbt 2022\u00a0<\/p>\n<p><em>Fr\u00e9quence des r\u00e9unions: <\/em>A D\u00c9TERMINER\u00a0<\/p>\n<p>[\/et_pb_accordion_item][et_pb_accordion_item title=\u00a0\u00bbMOD\u00c8LE DE FINANCEMENT DE L&rsquo;UMNB \u00a0\u00bb _builder_version=\u00a0\u00bb4.17.4&Prime; _module_preset=\u00a0\u00bbdefault\u00a0\u00bb hover_enabled=\u00a0\u00bb0&Prime; global_colors_info=\u00a0\u00bb{}\u00a0\u00bb theme_builder_area=\u00a0\u00bbpost_content\u00a0\u00bb open=\u00a0\u00bboff\u00a0\u00bb sticky_enabled=\u00a0\u00bb0&Prime;]<\/p>\n<p><em>Mandat: <\/em>Examiner et revoir la structure des cotisations de l&rsquo;UMNB et faire des recommandations au conseil d&rsquo;administration qui seront pr\u00e9sent\u00e9es \u00e0 l&rsquo;AGA 2023.\u00a0\u00a0<\/p>\n<p><em>Fr\u00e9quence des r\u00e9unions: <\/em>\u00c0 D\u00c9TERMINER\u00a0<\/p>\n<p><em>Pr\u00e9sident:<\/em> Pr\u00e9sident<\/p>\n<p>[\/et_pb_accordion_item][et_pb_accordion_item title=\u00a0\u00bbCOMIT\u00c9 DE LA SANT\u00c9 \u00a0\u00bb _builder_version=\u00a0\u00bb4.17.4&Prime; _module_preset=\u00a0\u00bbdefault\u00a0\u00bb hover_enabled=\u00a0\u00bb0&Prime; global_colors_info=\u00a0\u00bb{}\u00a0\u00bb theme_builder_area=\u00a0\u00bbpost_content\u00a0\u00bb open=\u00a0\u00bboff\u00a0\u00bb sticky_enabled=\u00a0\u00bb0&Prime;]<\/p>\n<p><em>Mandat:<\/em> d\u00e9fendre et repr\u00e9senter les pr\u00e9occupations municipales relatives au syst\u00e8me de soins de sant\u00e9 aupr\u00e8s du gouvernement et des autorit\u00e9s sanitaires afin d&rsquo;assurer des soins de sant\u00e9 de qualit\u00e9 dans la province du Nouveau-Brunswick. Le comit\u00e9 doit \u00e9tablir des priorit\u00e9s qui peuvent \u00eatre \u00e9valu\u00e9es chaque ann\u00e9e lors de l&rsquo;AGA*.\u00a0<\/p>\n<p><em>Fr\u00e9quence des r\u00e9unions:<\/em> \u00c0 D\u00c9TERMINER\u00a0<\/p>\n<p>[\/et_pb_accordion_item][et_pb_accordion_item title=\u00a0\u00bbORIENTATION MUNICIPALE\u00a0\u00bb _builder_version=\u00a0\u00bb4.17.4&Prime; _module_preset=\u00a0\u00bbdefault\u00a0\u00bb hover_enabled=\u00a0\u00bb0&Prime; global_colors_info=\u00a0\u00bb{}\u00a0\u00bb theme_builder_area=\u00a0\u00bbpost_content\u00a0\u00bb open=\u00a0\u00bboff\u00a0\u00bb sticky_enabled=\u00a0\u00bb0&Prime;]<\/p>\n<p><em>Mandat:<\/em> Conseiller le conseil d&rsquo;administration et le personnel de l&rsquo;UMNB sur les s\u00e9ances d&rsquo;orientation provinciales planifi\u00e9es par la province et aider \u00e0 planifier la conf\u00e9rence d&rsquo;orientation de l&rsquo;UMNB.\u00a0\u00a0<\/p>\n<p><em>Fr\u00e9quence des r\u00e9unions:<\/em> \u00c0 D\u00c9TERMINER<\/p>\n<p>[\/et_pb_accordion_item][\/et_pb_accordion][\/et_pb_column][\/et_pb_row][\/et_pb_section]<\/p>\n","protected":false},"excerpt":{"rendered":"<p>UMNB\u00a0\u00a0 Comit\u00e9sVous trouverez ci-dessous une liste compl\u00e8te des comit\u00e9s de l&rsquo;UMNB. Nous avons actuellement un certain nombre de places ouvertes dans les comit\u00e9s. Vous trouverez ci-dessous les comit\u00e9s pour lesquels nous recherchons actuellement des membres:\u00a0 &#8211; Services de protection\u00a0 &#8211; R\u00e9forme municipale\u00a0 &#8211; Commission du logement &#8211; Comit\u00e9 de la sant\u00e9 &#8211; Comit\u00e9 des conf\u00e9rences [&hellip;]<\/p>\n","protected":false},"author":2,"featured_media":0,"parent":0,"menu_order":0,"comment_status":"closed","ping_status":"closed","template":"","meta":{"_et_pb_use_builder":"on","_et_pb_old_content":"","_et_gb_content_width":"","footnotes":""},"class_list":["post-9060","page","type-page","status-publish","hentry"],"_links":{"self":[{"href":"https:\/\/umnb.ca\/fr\/wp-json\/wp\/v2\/pages\/9060\/"}],"collection":[{"href":"https:\/\/umnb.ca\/fr\/wp-json\/wp\/v2\/pages\/"}],"about":[{"href":"https:\/\/umnb.ca\/fr\/wp-json\/wp\/v2\/types\/page\/"}],"author":[{"embeddable":true,"href":"https:\/\/umnb.ca\/fr\/wp-json\/wp\/v2\/users\/2\/"}],"replies":[{"embeddable":true,"href":"https:\/\/umnb.ca\/fr\/wp-json\/wp\/v2\/comments\/?post=9060"}],"version-history":[{"count":2,"href":"https:\/\/umnb.ca\/fr\/wp-json\/wp\/v2\/pages\/9060\/revisions\/"}],"predecessor-version":[{"id":9063,"href":"https:\/\/umnb.ca\/fr\/wp-json\/wp\/v2\/pages\/9060\/revisions\/9063\/"}],"wp:attachment":[{"href":"https:\/\/umnb.ca\/fr\/wp-json\/wp\/v2\/media\/?parent=9060"}],"curies":[{"name":"wp","href":"https:\/\/api.w.org\/{rel}","templated":true}]}}