{"id":3388,"date":"2020-03-18T17:51:00","date_gmt":"2020-03-18T17:51:00","guid":{"rendered":"https:\/\/umnb.ca\/covid-19-information-et-ressources\/"},"modified":"2021-07-27T19:19:46","modified_gmt":"2021-07-27T19:19:46","slug":"covid-19-information-et-ressources","status":"publish","type":"page","link":"https:\/\/umnb.ca\/fr\/covid-19-information-et-ressources\/","title":{"rendered":"COVID-19 : information et ressources"},"content":{"rendered":"<p>[et_pb_section fb_built=\u00a0\u00bb1&Prime; admin_label=\u00a0\u00bbHeader\u00a0\u00bb _builder_version=\u00a0\u00bb3.22&Prime; use_background_color_gradient=\u00a0\u00bbon\u00a0\u00bb background_color_gradient_start=\u00a0\u00bbrgba(255,255,255,0.89)\u00a0\u00bb background_color_gradient_end=\u00a0\u00bbrgba(255,255,255,0)\u00a0\u00bb background_color_gradient_type=\u00a0\u00bbradial\u00a0\u00bb background_color_gradient_direction_radial=\u00a0\u00bbtop left\u00a0\u00bb background_color_gradient_start_position=\u00a0\u00bb30%\u00a0\u00bb background_color_gradient_end_position=\u00a0\u00bb80%\u00a0\u00bb background_color_gradient_overlays_image=\u00a0\u00bbon\u00a0\u00bb background_image=\u00a0\u00bbhttps:\/\/umnb.ca\/wp-content\/uploads\/2019\/10\/aaron-burden-y02jEX_B0O0-unsplash.jpg\u00a0\u00bb background_position=\u00a0\u00bbbottom_center\u00a0\u00bb custom_margin=\u00a0\u00bb|||\u00a0\u00bb custom_padding=\u00a0\u00bb8vw||8vw||true\u00a0\u00bb][et_pb_row _builder_version=\u00a0\u00bb3.25&Prime;][et_pb_column type=\u00a0\u00bb4_4&Prime; _builder_version=\u00a0\u00bb3.25&Prime; custom_padding=\u00a0\u00bb|||\u00a0\u00bb custom_padding__hover=\u00a0\u00bb|||\u00a0\u00bb][et_pb_text _builder_version=\u00a0\u00bb3.27.4&Prime; text_font=\u00a0\u00bb||||||||\u00a0\u00bb header_font=\u00a0\u00bbRaleway|700|||||||\u00a0\u00bb header_font_size=\u00a0\u00bb80px\u00a0\u00bb header_line_height=\u00a0\u00bb1.2em\u00a0\u00bb header_5_font=\u00a0\u00bbRaleway|700||on|||||\u00a0\u00bb header_5_text_color=\u00a0\u00bb#000000&Prime; header_5_font_size=\u00a0\u00bb20px\u00a0\u00bb header_5_letter_spacing=\u00a0\u00bb0.5em\u00a0\u00bb header_5_line_height=\u00a0\u00bb1.8em\u00a0\u00bb animation_style=\u00a0\u00bbzoom\u00a0\u00bb animation_intensity_zoom=\u00a0\u00bb5%\u00a0\u00bb header_font_size_tablet=\u00a0\u00bb48px\u00a0\u00bb header_font_size_phone=\u00a0\u00bb32px\u00a0\u00bb header_font_size_last_edited=\u00a0\u00bbon|phone\u00a0\u00bb header_5_font_size_tablet=\u00a0\u00bb14px\u00a0\u00bb header_5_font_size_phone=\u00a0\u00bb12px\u00a0\u00bb header_5_font_size_last_edited=\u00a0\u00bbon|desktop\u00a0\u00bb]<\/p>\n<h5><\/h5>\n<h1>COVID-19 information et ressources<\/h1>\n<p>[\/et_pb_text][\/et_pb_column][\/et_pb_row][\/et_pb_section][et_pb_section fb_built=\u00a0\u00bb1&Prime; _builder_version=\u00a0\u00bb3.22&Prime;][et_pb_row _builder_version=\u00a0\u00bb3.25&Prime;][et_pb_column type=\u00a0\u00bb4_4&Prime; _builder_version=\u00a0\u00bb3.25&Prime; custom_padding=\u00a0\u00bb|||\u00a0\u00bb custom_padding__hover=\u00a0\u00bb|||\u00a0\u00bb][et_pb_text _builder_version=\u00a0\u00bb4.9.10&Prime;]<\/p>\n<p><strong>OUTILS ET RESSOURCES DU GNB<\/strong><\/p>\n<ul>\n<li><a href=\"https:\/\/www2.gnb.ca\/content\/dam\/gnb\/Corporate\/pdf\/EmergencyUrgence19.pdf\">Ordonnance obligatoire renouvel\u00e9e et revis\u00e9e\u00a0<\/a>(16 juillet 2021 &#8211; finale)<\/li>\n<li><a href=\"https:\/\/www2.gnb.ca\/content\/gnb\/fr\/corporate\/promo\/covid-19\/conseils.html\">Conseils et support, renseignements et fiches<\/a><\/li>\n<li><a href=\"https:\/\/www2.gnb.ca\/content\/gnb\/fr\/corporate\/promo\/covid-19.html\">Information sur la maladie \u00e0 coronavirus COVID-19<\/a>\u00a0et\u00a0<a href=\"https:\/\/www2.gnb.ca\/content\/gnb\/fr\/ministeres\/bmhc\/maladies_transmissibles\/content\/maladies_respiratoires\/coronavirus\/expositionaucoronavirus.html\">Auto\u00e9valuation\u00a0<\/a>de la COVID-19<\/li>\n<li><a href=\"https:\/\/experience.arcgis.com\/experience\/8eeb9a2052d641c996dba5de8f25a8aa\/page\/page_3\">Tableau de bord de la COVID-19 au Nouveau-Brunswick<\/a><\/li>\n<li>Sant\u00e9 publique du Nouveau-Brunswick \u2013\u00a0<a href=\"https:\/\/www2.gnb.ca\/content\/gnb\/fr\/corporate\/promo\/covid-19\/phase-dalerte.html\">Phases et d\u00e9clencheurs<\/a><\/li>\n<li><a href=\"https:\/\/masante.gnb.ca\/\">MaSant\u00e9NB<\/a><\/li>\n<li><a href=\"https:\/\/umnb.ca\/wp-content\/uploads\/2020\/03\/PLANIFICATION-PROVINCIALE-EN-CAS-DE-PANDE%CC%81MIE-GUIDE-A%CC%80-L%E2%80%99INTENTION-DES-ADMINISTRATIONS-MUNICIPALES-ET-DES-COLLECTIVITE%CC%81S-DES-PREMIE%CC%80RES-NATIONS.pdf\">Planification provinciale en cas de pand\u00e9mie guide \u00e0 l\u2019intention des administrations municipales et des collectivit\u00e9s des premi\u00e8res nations<\/a><\/li>\n<li><a href=\"https:\/\/www2.gnb.ca\/content\/gnb\/fr\/corporate\/promo\/inscription-voyage.html\">Enregistrement d&rsquo;un voyage au Nouveau-Brunswick<\/a><\/li>\n<\/ul>\n<p><strong>TRAVAIL S\u00c9CURITAIRE N-B<\/strong><\/p>\n<ul>\n<li>COVID-19: <a href=\"https:\/\/www.travailsecuritairenb.ca\/sujets-de-s%C3%A9curit%C3%A9\/covid-19\/covid-19-ce-que-vous-devez-savoir\/\">ce que vous devez savoir<\/a><\/li>\n<li><a href=\"https:\/\/www.travailsecuritairenb.ca\/sujets-de-s%C3%A9curit%C3%A9\/phase-verte-et-au-del%C3%A0-pr%C3%A9vention-des-maladies-transmissibles\/\">Pr\u00e9vention des maladies transmissibles<\/a><\/li>\n<\/ul>\n<p><strong>AFFICHES<\/strong><\/p>\n<ul>\n<li>AFFICHE : <a href=\"https:\/\/www2.gnb.ca\/content\/dam\/gnb\/Departments\/eco-bce\/Promo\/covid-19\/self-monitor_newsymptoms-f.pdf\">Comment s\u2019auto-surveiller<\/a> (8 d\u00e9c 2020)<\/li>\n<li>AFFICHE : <a href=\"https:\/\/www2.gnb.ca\/content\/dam\/gnb\/Departments\/h-s\/pdf\/MASQUE.pdf\">Port d&rsquo;un masque artisanale en public pour aider \u00e0 r\u00e9duire la propagation de la COVID-19<\/a> (28 oct 2020)<\/li>\n<li>AFFICHE : <a href=\"https:\/\/www2.gnb.ca\/content\/dam\/gnb\/Departments\/h-s\/pdf\/COVID-19_screeningFR.pdf\">Contr\u00f4le pour la COVID-19<\/a> (16 juin 2021)<\/li>\n<li>AFFICHE : Parc\/Champ Ouvert\u00a0<a href=\"https:\/\/umnb.ca\/wp-content\/uploads\/2020\/05\/16x24-Covid-public-PARKS.jpg\">16 x 24<\/a> et <a href=\"https:\/\/umnb.ca\/wp-content\/uploads\/2020\/05\/32x24-Covid-public-PARKS.jpg\">32 x 24<\/a><\/li>\n<\/ul>\n<ul><\/ul>\n<p><strong><a href=\"https:\/\/www.gnb.ca\/nosearch\/coronavirus\/bulletins-f.asp\">Tous les mises \u00e0 jour \u00e0 l&rsquo;intention des employ\u00e9es et des employ\u00e9s de la gouvernement N-B<\/a><\/strong><\/p>\n<p>[\/et_pb_text][et_pb_text _builder_version=\u00a0\u00bb4.6.6&Prime; _module_preset=\u00a0\u00bbdefault\u00a0\u00bb]<\/p>\n<p style=\"font-weight: 400;\"><strong>RE : LE PORT DU MASQUE LORS DES R\u00c9UNIONS DES CONSEILS MUNICIPAUX.<\/strong><\/p>\n<ul>\n<li style=\"font-weight: 400;\">Les conseillers et les employ\u00e9s municipaux doivent porter un masque jusqu\u2019\u00e0 ce qu\u2019ils s\u2019assoient et en assumant qu\u2019ils respecteront toutes les mesures de distanciation sociale (distance de deux m\u00e8tres et barri\u00e8re physique).<\/li>\n<\/ul>\n<p style=\"font-weight: 400;\"><em>\u00a0<\/em><strong><em>Lors des r\u00e9unions des conseils municipaux tenues en l\u2019absence du public, les membres des conseils et le personnel doivent-ils porter un masque?<\/em><\/strong><\/p>\n<ul style=\"font-weight: 400;\">\n<li>Dans la phase jaune, si le public n\u2019assiste pas aux r\u00e9unions, les dispositions des lignes directrices de Travail s\u00e9curitaire\u00a0NB\u00a0<u><a href=\"https:\/\/www.travailsecuritairenb.ca\/media\/60997\/sadapter-a-la-nouvelle-normalite.pdf\" data-saferedirecturl=\"https:\/\/www.google.com\/url?q=https:\/\/www.travailsecuritairenb.ca\/media\/60997\/sadapter-a-la-nouvelle-normalite.pdf&amp;source=gmail&amp;ust=1604150643143000&amp;usg=AFQjCNFUlSamku5G-kIb5bwZIfGQ3yjvyA\">S\u2019adapter \u00e0 la nouvelle normalit\u00e9<\/a><\/u>\u00a0s\u2019appliqueront. Si les membres du conseil et le personnel peuvent maintenir une distance de deux\u00a0m\u00e8tres pendant toute la r\u00e9union, les masques ne seront pas requis. S\u2019ils ne peuvent pas maintenir une distance de deux\u00a0m\u00e8tres, ils doivent faire l\u2019objet d\u2019un d\u00e9pistage actif, des registres des pr\u00e9sences doivent \u00eatre tenus et le port du masque est obligatoire.<\/li>\n<li>Dans la phase orange, les masques sont obligatoires comme l\u2019indique la\u00a0<u><a href=\"https:\/\/www.travailsecuritairenb.ca\/sujets-de-s%C3%A9curit%C3%A9\/covid-19\/questions-fr%C3%A9quemment-pos%C3%A9es-covid-19\/\" data-saferedirecturl=\"https:\/\/www.google.com\/url?q=https:\/\/www.travailsecuritairenb.ca\/sujets-de-s%C3%A9curit%C3%A9\/covid-19\/questions-fr%C3%A9quemment-pos%C3%A9es-covid-19\/&amp;source=gmail&amp;ust=1604150643143000&amp;usg=AFQjCNHpKY878L4WgkgMfTH2nJbp-xKEDg\">FAQ<\/a><\/u>\u00a0de Travail s\u00e9curitaire\u00a0NB, que le public assiste ou non aux r\u00e9unions. Le masque doit \u00eatre port\u00e9 \u00e0 l\u2019int\u00e9rieur et \u00e0 l\u2019ext\u00e9rieur.<\/li>\n<\/ul>\n<p style=\"font-weight: 400;\"><em>\u00a0<\/em><\/p>\n<ol style=\"font-weight: 400;\">\n<li><strong><em>Si des membres du public sont pr\u00e9sents \u00e0 la r\u00e9union, tous les membres du public, du personnel, des conseils municipaux et des commissions doivent-ils porter un masque?<\/em><\/strong><\/li>\n<\/ol>\n<ul style=\"font-weight: 400;\">\n<li>Dans la phase jaune, le port du masque est obligatoire dans les lieux publics int\u00e9rieurs conform\u00e9ment aux directives de la Sant\u00e9 publique.<\/li>\n<li>Dans la phase orange, le port du masque est obligatoire \u00e0 l\u2019int\u00e9rieur et \u00e0 l\u2019ext\u00e9rieur conform\u00e9ment \u00e0 la FAQ de Travail s\u00e9curitaire\u00a0NB (voir ci-dessus).<\/li>\n<\/ul>\n<p>[\/et_pb_text][et_pb_text _builder_version=\u00a0\u00bb4.5.3&Prime;]<\/p>\n<p><strong>AUTRES RESSOURCES<\/strong><\/p>\n<ul>\n<li><a href=\"https:\/\/www.canada.ca\/fr\/sante-publique\/services\/maladies\/maladie-coronavirus-covid-19\/alerte-covid.html\">App Alerte COVID<\/a><\/li>\n<li>Rapport de l&rsquo;administratrice en chef de la sant\u00e9 publique du Canada, la Dre Theresa Tam : <a href=\"https:\/\/www.canada.ca\/fr\/sante-publique\/organisation\/publications\/rapports-etat-sante-publique-canada-administrateur-chef-sante-publique\/du-risque-resilience-approche-equite-covid-19.html\">Du risque \u00e0 la r\u00e9silience : Une approache ax\u00e9e sur l&rsquo;\u00e9quit\u00e9 concernant la COVID-19<\/a><\/li>\n<li><a href=\"https:\/\/www.canada.ca\/fr\/ministere-finances\/nouvelles\/2020\/03\/plan-dintervention-economique-du-canada-pour-repondre-a-la-covid-19.html\">Plan d\u2019intervention \u00e9conomique du Canada pour r\u00e9pondre \u00e0 la COVID-19<\/a><\/li>\n<li><a href=\"https:\/\/umnb.ca\/wp-content\/uploads\/2020\/03\/Role-du-conseil-communiquer-COVID-19-1.pdf\">R\u00f4le du Conseil en mati\u00e8re de communication par rapport \u00e0 la COVID-19<\/a>\u00a0(UMNB\/AMO)<\/li>\n<li><a href=\"https:\/\/umnb.ca\/wp-content\/uploads\/2020\/04\/NBEMO-ALERT-Ready-FRE.docx\">En alerte (SNAP)<\/a><\/li>\n<\/ul>\n<p>[\/et_pb_text][et_pb_text _builder_version=\u00a0\u00bb4.5.3&Prime;]<\/p>\n<p><strong>MOD\u00c8LES\/\u00c9CHANTILLONS<\/strong><\/p>\n<p><strong>Mod\u00e8les de services essentiels (via Campbellton)<\/strong><\/p>\n<ul>\n<li>Instructions relatives au mod\u00e8le de services essentiels :\u00a0<a href=\"https:\/\/umnb.ca\/wp-content\/uploads\/2020\/03\/Instructions-relatives-au-modele-de-services-essentiels.pdf\">https:\/\/umnb.ca\/wp-content\/uploads\/2020\/03\/Instructions-relatives-au-modele-de-services-essentiels.pdf<\/a><\/li>\n<li>Plan de lutte contre la pand\u00e9mie Services et fonctions essentiels pour la continuit\u00e9 des activit\u00e9s Affectations de personnel :\u00a0<a href=\"https:\/\/umnb.ca\/wp-content\/uploads\/2020\/03\/Modele-de-services-essentiels.pdf\">https:\/\/umnb.ca\/wp-content\/uploads\/2020\/03\/Modele-de-services-essentiels.pdf<\/a><\/li>\n<\/ul>\n<p>&nbsp;<\/p>\n<p><strong>Communiqu\u00e9 de presse sur l\u2019action en cas de pand\u00e9mie<\/strong><\/p>\n<ul>\n<li><a href=\"https:\/\/www.dieppe.ca\/Modules\/News\/index.aspx?lang=fr&amp;newsId=d0e46324-4a9c-400b-af1d-1b4150bd14ce\">Ville de Dieppe<\/a><\/li>\n<\/ul>\n<p><strong>\u00c9chantillons d\u2019actions communautaires de la ville de Saint Andrews :<br \/><\/strong>\u00ab Les municipalit\u00e9s ont un r\u00f4le qu\u2019elles peuvent jouer pour prot\u00e9ger le public. Nous avons mis en place un service de livraison \u00e0 domicile GRATUIT pour les produits alimentaires, les m\u00e9dicaments et le mat\u00e9riel informatique ; nous avons un contr\u00f4le t\u00e9l\u00e9phonique quotidien avec les personnes vuln\u00e9rables \u00e0 risque, et nous avons enregistr\u00e9 les personnes en situation d\u2019auto-isolement et les appelons tous les trois jours pour nous assurer qu\u2019elles vont bien. La ville donne l\u2019exemple pour que les citoyens restent chez eux et fassent leur part.<\/p>\n<p>Nous avons mis en place un processus qui fonctionne.\u00a0 Nous disposons de la structure organisationnelle, du processus, des protocoles de s\u00e9curit\u00e9, de la vid\u00e9o de formation, des publicit\u00e9s, des feuilles de calcul et de tous les outils n\u00e9cessaires pour que d\u2019autres municipalit\u00e9s puissent mettre en place un programme similaire.\u00a0<strong>Nous sommes pr\u00eats \u00e0 partager nos outils avec tous ceux qui le souhaitent, car nous pensons que cela permettra de sauver des vies.<\/strong><\/p>\n<p>Voici un\u00a0<a href=\"https:\/\/www.facebook.com\/chco.tv\/videos\/2753173261469922\/\">entretien avec le personnel de la Ville d\u00e9crivant l\u2019approche de la Ville face \u00e0 la crise<\/a>\u00a0et une\u00a0<a href=\"https:\/\/www.facebook.com\/watch\/?v=1160188787668194\">nouvelle localee diffus\u00e9ee sur la crise.<\/a><\/p>\n<p>[\/et_pb_text][\/et_pb_column][\/et_pb_row][\/et_pb_section]<\/p>\n","protected":false},"excerpt":{"rendered":"<p>COVID-19 information et ressourcesOUTILS ET RESSOURCES DU GNB Ordonnance obligatoire renouvel\u00e9e et revis\u00e9e\u00a0(16 juillet 2021 &#8211; finale) Conseils et support, renseignements et fiches Information sur la maladie \u00e0 coronavirus COVID-19\u00a0et\u00a0Auto\u00e9valuation\u00a0de la COVID-19 Tableau de bord de la COVID-19 au Nouveau-Brunswick Sant\u00e9 publique du Nouveau-Brunswick \u2013\u00a0Phases et d\u00e9clencheurs MaSant\u00e9NB Planification provinciale en cas de pand\u00e9mie guide [&hellip;]<\/p>\n","protected":false},"author":3,"featured_media":0,"parent":0,"menu_order":0,"comment_status":"closed","ping_status":"closed","template":"","meta":{"_et_pb_use_builder":"on","_et_pb_old_content":"","_et_gb_content_width":"","footnotes":""},"class_list":["post-3388","page","type-page","status-publish","hentry"],"_links":{"self":[{"href":"https:\/\/umnb.ca\/fr\/wp-json\/wp\/v2\/pages\/3388\/"}],"collection":[{"href":"https:\/\/umnb.ca\/fr\/wp-json\/wp\/v2\/pages\/"}],"about":[{"href":"https:\/\/umnb.ca\/fr\/wp-json\/wp\/v2\/types\/page\/"}],"author":[{"embeddable":true,"href":"https:\/\/umnb.ca\/fr\/wp-json\/wp\/v2\/users\/3\/"}],"replies":[{"embeddable":true,"href":"https:\/\/umnb.ca\/fr\/wp-json\/wp\/v2\/comments\/?post=3388"}],"version-history":[{"count":85,"href":"https:\/\/umnb.ca\/fr\/wp-json\/wp\/v2\/pages\/3388\/revisions\/"}],"predecessor-version":[{"id":6847,"href":"https:\/\/umnb.ca\/fr\/wp-json\/wp\/v2\/pages\/3388\/revisions\/6847\/"}],"wp:attachment":[{"href":"https:\/\/umnb.ca\/fr\/wp-json\/wp\/v2\/media\/?parent=3388"}],"curies":[{"name":"wp","href":"https:\/\/api.w.org\/{rel}","templated":true}]}}