{"id":11845,"date":"2024-09-17T03:35:21","date_gmt":"2024-09-17T03:35:21","guid":{"rendered":"https:\/\/umnb.ca\/?page_id=11845"},"modified":"2025-10-03T04:15:07","modified_gmt":"2025-10-03T04:15:07","slug":"reforme-fiscale","status":"publish","type":"page","link":"https:\/\/umnb.ca\/fr\/reforme-fiscale\/","title":{"rendered":"R\u00e9forme fiscale"},"content":{"rendered":"<p>[et_pb_section fb_built=\u00a0\u00bb1&Prime; admin_label=\u00a0\u00bbHeader\u00a0\u00bb _builder_version=\u00a0\u00bb4.20.2&Prime; use_background_color_gradient=\u00a0\u00bbon\u00a0\u00bb background_color_gradient_type=\u00a0\u00bbcircular\u00a0\u00bb background_color_gradient_direction_radial=\u00a0\u00bbtop left\u00a0\u00bb background_color_gradient_stops=\u00a0\u00bbrgba(255,255,255,0.89) 30%|rgba(255,255,255,0) 80%\u00a0\u00bb background_color_gradient_overlays_image=\u00a0\u00bbon\u00a0\u00bb background_color_gradient_start=\u00a0\u00bbrgba(255,255,255,0.89)\u00a0\u00bb background_color_gradient_start_position=\u00a0\u00bb30%\u00a0\u00bb background_color_gradient_end=\u00a0\u00bbrgba(255,255,255,0)\u00a0\u00bb background_color_gradient_end_position=\u00a0\u00bb80%\u00a0\u00bb background_image=\u00a0\u00bbhttps:\/\/umnb.ca\/wp-content\/uploads\/2024\/09\/127646-New-Brunswick.avif\u00a0\u00bb custom_padding=\u00a0\u00bb8vw|0px|280px|0px|false|false\u00a0\u00bb global_colors_info=\u00a0\u00bb{}\u00a0\u00bb][et_pb_row _builder_version=\u00a0\u00bb4.16&Prime; global_colors_info=\u00a0\u00bb{}\u00a0\u00bb][et_pb_column type=\u00a0\u00bb4_4&Prime; _builder_version=\u00a0\u00bb4.16&Prime; custom_padding=\u00a0\u00bb|||\u00a0\u00bb global_colors_info=\u00a0\u00bb{}\u00a0\u00bb custom_padding__hover=\u00a0\u00bb|||\u00a0\u00bb][et_pb_text _builder_version=\u00a0\u00bb4.20.2&Prime; text_font=\u00a0\u00bb||||||||\u00a0\u00bb header_font=\u00a0\u00bbRaleway|700|||||||\u00a0\u00bb header_font_size=\u00a0\u00bb80px\u00a0\u00bb header_line_height=\u00a0\u00bb1.2em\u00a0\u00bb header_5_font=\u00a0\u00bbRaleway|700||on|||||\u00a0\u00bb header_5_text_color=\u00a0\u00bb#000000&Prime; header_5_font_size=\u00a0\u00bb20px\u00a0\u00bb header_5_letter_spacing=\u00a0\u00bb0.5em\u00a0\u00bb header_5_line_height=\u00a0\u00bb1.8em\u00a0\u00bb animation_style=\u00a0\u00bbzoom\u00a0\u00bb animation_intensity_zoom=\u00a0\u00bb5%\u00a0\u00bb header_font_size_tablet=\u00a0\u00bb48px\u00a0\u00bb header_font_size_phone=\u00a0\u00bb32px\u00a0\u00bb header_font_size_last_edited=\u00a0\u00bbon|phone\u00a0\u00bb header_5_font_size_tablet=\u00a0\u00bb14px\u00a0\u00bb header_5_font_size_phone=\u00a0\u00bb12px\u00a0\u00bb header_5_font_size_last_edited=\u00a0\u00bbon|desktop\u00a0\u00bb global_colors_info=\u00a0\u00bb{}\u00a0\u00bb]<\/p>\n<h5><\/h5>\n<h1>R\u00e9forme fiscale<\/h1>\n<p>[\/et_pb_text][\/et_pb_column][\/et_pb_row][\/et_pb_section][et_pb_section fb_built=\u00a0\u00bb1&Prime; admin_label=\u00a0\u00bbBlog\u00a0\u00bb _builder_version=\u00a0\u00bb4.16&Prime; background_color=\u00a0\u00bb#ffffff\u00a0\u00bb max_width=\u00a0\u00bb90%\u00a0\u00bb max_width_tablet=\u00a0\u00bb\u00a0\u00bb max_width_phone=\u00a0\u00bb100%\u00a0\u00bb max_width_last_edited=\u00a0\u00bbon|phone\u00a0\u00bb custom_margin=\u00a0\u00bb-160px|||\u00a0\u00bb border_color_all=\u00a0\u00bb#ffffff\u00a0\u00bb border_width_left=\u00a0\u00bb10vw\u00a0\u00bb global_colors_info=\u00a0\u00bb{}\u00a0\u00bb][et_pb_row column_structure=\u00a0\u00bb1_3,2_3&Prime; _builder_version=\u00a0\u00bb4.20.2&Prime; _module_preset=\u00a0\u00bbdefault\u00a0\u00bb global_colors_info=\u00a0\u00bb{}\u00a0\u00bb][et_pb_column type=\u00a0\u00bb1_3&Prime; _builder_version=\u00a0\u00bb4.20.2&Prime; _module_preset=\u00a0\u00bbdefault\u00a0\u00bb global_colors_info=\u00a0\u00bb{}\u00a0\u00bb][et_pb_image src=\u00a0\u00bbhttps:\/\/umnb.ca\/wp-content\/uploads\/2025\/10\/UMNB2025-David-Campbell-Cover-page-FR.jpg\u00a0\u00bb title_text=\u00a0\u00bbUMNB2025 &#8211; David Campbell Cover page &#8211; FR\u00a0\u00bb _builder_version=\u00a0\u00bb4.20.2&Prime; _module_preset=\u00a0\u00bbdefault\u00a0\u00bb hover_enabled=\u00a0\u00bb0&Prime; global_colors_info=\u00a0\u00bb{}\u00a0\u00bb sticky_enabled=\u00a0\u00bb0&Prime;][\/et_pb_image][\/et_pb_column][et_pb_column type=\u00a0\u00bb2_3&Prime; _builder_version=\u00a0\u00bb4.20.2&Prime; _module_preset=\u00a0\u00bbdefault\u00a0\u00bb global_colors_info=\u00a0\u00bb{}\u00a0\u00bb][et_pb_text _builder_version=\u00a0\u00bb4.20.2&Prime; _module_preset=\u00a0\u00bbdefault\u00a0\u00bb text_font_size=\u00a0\u00bb29px\u00a0\u00bb global_colors_info=\u00a0\u00bb{}\u00a0\u00bb]<\/p>\n<p><span style=\"font-size: xx-large; color: #000000;\"><strong>RAPPORT D&rsquo;EXPERT :<\/strong><\/span><\/p>\n<p style=\"text-align: left;\">Consid\u00e9rations sur l\u2019impact potentiel du partage des revenus de la TVH avec les municipalit\u00e9s<\/p>\n<p style=\"text-align: left;\"><span style=\"font-size: x-large;\"><a href=\"https:\/\/umnb.ca\/wp-content\/uploads\/2025\/10\/UMNB2025-David-Campbell-Cover-page-EN-FINAL-2.pdf\"><strong>RAPPORT FINAL &#8211; EN<\/strong><\/a><\/span><\/p>\n<p style=\"text-align: left;\"><span style=\"font-size: x-large;\"><a href=\"https:\/\/umnb.ca\/wp-content\/uploads\/2025\/10\/UMNB2025-David-Campbell-Cover-page-FR-FINAL-2.pdf\"><strong>RAPPORT FINAL &#8211; FR<\/strong><\/a><\/span><\/p>\n<p style=\"text-align: left;\"><span style=\"color: #000000; font-size: large;\">Par : Jupia Consultants Inc.<\/span><\/p>\n<p style=\"text-align: left;\"><span style=\"color: #000000; font-size: large;\">Avril 2025<\/span><\/p>\n<p>[\/et_pb_text][\/et_pb_column][\/et_pb_row][et_pb_row column_structure=\u00a0\u00bb1_3,2_3&Prime; _builder_version=\u00a0\u00bb4.20.2&Prime; _module_preset=\u00a0\u00bbdefault\u00a0\u00bb global_colors_info=\u00a0\u00bb{}\u00a0\u00bb][et_pb_column type=\u00a0\u00bb1_3&Prime; _builder_version=\u00a0\u00bb4.20.2&Prime; _module_preset=\u00a0\u00bbdefault\u00a0\u00bb global_colors_info=\u00a0\u00bb{}\u00a0\u00bb][et_pb_image src=\u00a0\u00bbhttps:\/\/umnb.ca\/wp-content\/uploads\/2024\/09\/1726159120841-ab57fe44-6888-4b62-b2c0-af545c663a39_1.jpg\u00a0\u00bb title_text=\u00a0\u00bb1726159120841-ab57fe44-6888-4b62-b2c0-af545c663a39_1&Prime; _builder_version=\u00a0\u00bb4.20.2&Prime; _module_preset=\u00a0\u00bbdefault\u00a0\u00bb global_colors_info=\u00a0\u00bb{}\u00a0\u00bb][\/et_pb_image][\/et_pb_column][et_pb_column type=\u00a0\u00bb2_3&Prime; _builder_version=\u00a0\u00bb4.20.2&Prime; _module_preset=\u00a0\u00bbdefault\u00a0\u00bb global_colors_info=\u00a0\u00bb{}\u00a0\u00bb][et_pb_text _builder_version=\u00a0\u00bb4.20.2&Prime; _module_preset=\u00a0\u00bbdefault\u00a0\u00bb text_font_size=\u00a0\u00bb29px\u00a0\u00bb global_colors_info=\u00a0\u00bb{}\u00a0\u00bb]<\/p>\n<p><span style=\"font-size: xx-large; color: #000000;\"><strong>RAPPORT D&rsquo;EXPERT :<\/strong><\/span><\/p>\n<p style=\"text-align: left;\"><strong>Vers un nouveau cadre fiscal pour les municipalit\u00e9s du Nouveau-Brunswick<\/strong><\/p>\n<p style=\"text-align: left;\"><span style=\"font-size: x-large;\"><a href=\"https:\/\/umnb.ca\/wp-content\/uploads\/2024\/09\/UMNB2024-Fiscal-Report-Final-EN-Internal.pdf\"><strong>RAPPORT FINAL &#8211; EN<\/strong><\/a><\/span><\/p>\n<p style=\"text-align: left;\"><span style=\"font-size: x-large;\"><a href=\"https:\/\/umnb.ca\/wp-content\/uploads\/2024\/09\/UMNB2024-Fiscal-Report-Final-FR-Internal.pdf\"><strong>RAPPORT FINAL &#8211; FR<\/strong><\/a><\/span><\/p>\n<p style=\"text-align: left;\"><span style=\"color: #000000; font-size: large;\">Par : Craig Brett, professeur d&rsquo;\u00e9conomie, Universit\u00e9 Mount Allison<\/span><\/p>\n<p style=\"text-align: left;\"><span style=\"color: #000000; font-size: large;\">Ao\u00fbt 2024<\/span><\/p>\n<p>[\/et_pb_text][\/et_pb_column][\/et_pb_row][et_pb_row column_structure=\u00a0\u00bb1_2,1_2&Prime; _builder_version=\u00a0\u00bb4.20.2&Prime; _module_preset=\u00a0\u00bbdefault\u00a0\u00bb global_colors_info=\u00a0\u00bb{}\u00a0\u00bb][et_pb_column type=\u00a0\u00bb1_2&Prime; _builder_version=\u00a0\u00bb4.20.2&Prime; _module_preset=\u00a0\u00bbdefault\u00a0\u00bb global_colors_info=\u00a0\u00bb{}\u00a0\u00bb][et_pb_text _builder_version=\u00a0\u00bb4.20.2&Prime; _module_preset=\u00a0\u00bbdefault\u00a0\u00bb global_colors_info=\u00a0\u00bb{}\u00a0\u00bb]<\/p>\n<p><span style=\"color: #000000; font-size: x-large;\"><strong>Pr\u00e9sentations sur la r\u00e9forme fiscale :<\/strong><\/span><\/p>\n<p><span style=\"color: #000000; font-size: large;\">Conf\u00e9rence annuelle 2024 &#8211; Dr. Craig Brett :<\/span><\/p>\n<p><span style=\"color: #000000;\"><span style=\"font-size: large;\">Atelier \u00e9conomique 2024 &#8211; Dr. Craig Brett :<\/span><\/span><\/p>\n<p><span style=\"font-size: large;\"><span style=\"color: #000000;\">2024 Journ\u00e9es de repr\u00e9sentation des int\u00e9r\u00eats &#8211; Dr. Craig Brett :<\/span><a href=\"\u00ab\"> <strong>ICI<\/strong><\/a><\/span><\/p>\n<p><span style=\"color: #000000; font-size: large;\"><\/span><\/p>\n<p><span style=\"color: #000000; font-size: large;\"><strong><\/strong><\/span><\/p>\n<p><span style=\"color: #000000; font-size: large;\"><strong><\/strong><\/span><\/p>\n<p><span style=\"color: #000000; font-size: large;\"><strong><\/strong><\/span><\/p>\n<p><span style=\"color: #000000; font-size: large;\"><strong><\/strong><\/span><\/p>\n<p><span style=\"color: #000000; font-size: large;\"><strong><\/strong><\/span><\/p>\n<p><span style=\"color: #000000; font-size: large;\"><strong><\/strong><\/span><\/p>\n<p><span style=\"color: #000000; font-size: large;\"><strong><\/strong><\/span><\/p>\n<p>[\/et_pb_text][\/et_pb_column][et_pb_column type=\u00a0\u00bb1_2&Prime; _builder_version=\u00a0\u00bb4.20.2&Prime; _module_preset=\u00a0\u00bbdefault\u00a0\u00bb global_colors_info=\u00a0\u00bb{}\u00a0\u00bb][\/et_pb_column][\/et_pb_row][\/et_pb_section]<\/p>\n","protected":false},"excerpt":{"rendered":"<p>R\u00e9forme fiscaleRAPPORT D&rsquo;EXPERT : Consid\u00e9rations sur l\u2019impact potentiel du partage des revenus de la TVH avec les municipalit\u00e9s RAPPORT FINAL &#8211; EN RAPPORT FINAL &#8211; FR Par : Jupia Consultants Inc. Avril 2025RAPPORT D&rsquo;EXPERT : Vers un nouveau cadre fiscal pour les municipalit\u00e9s du Nouveau-Brunswick RAPPORT FINAL &#8211; EN RAPPORT FINAL &#8211; FR Par : [&hellip;]<\/p>\n","protected":false},"author":2,"featured_media":0,"parent":0,"menu_order":0,"comment_status":"closed","ping_status":"closed","template":"","meta":{"_et_pb_use_builder":"on","_et_pb_old_content":"","_et_gb_content_width":"","footnotes":""},"class_list":["post-11845","page","type-page","status-publish","hentry"],"_links":{"self":[{"href":"https:\/\/umnb.ca\/fr\/wp-json\/wp\/v2\/pages\/11845\/"}],"collection":[{"href":"https:\/\/umnb.ca\/fr\/wp-json\/wp\/v2\/pages\/"}],"about":[{"href":"https:\/\/umnb.ca\/fr\/wp-json\/wp\/v2\/types\/page\/"}],"author":[{"embeddable":true,"href":"https:\/\/umnb.ca\/fr\/wp-json\/wp\/v2\/users\/2\/"}],"replies":[{"embeddable":true,"href":"https:\/\/umnb.ca\/fr\/wp-json\/wp\/v2\/comments\/?post=11845"}],"version-history":[{"count":4,"href":"https:\/\/umnb.ca\/fr\/wp-json\/wp\/v2\/pages\/11845\/revisions\/"}],"predecessor-version":[{"id":13487,"href":"https:\/\/umnb.ca\/fr\/wp-json\/wp\/v2\/pages\/11845\/revisions\/13487\/"}],"wp:attachment":[{"href":"https:\/\/umnb.ca\/fr\/wp-json\/wp\/v2\/media\/?parent=11845"}],"curies":[{"name":"wp","href":"https:\/\/api.w.org\/{rel}","templated":true}]}}